{"id":6208,"date":"2018-09-05T08:38:21","date_gmt":"2018-09-05T08:38:21","guid":{"rendered":"http:\/\/pk.esystem.sk\/uber-die-firma\/"},"modified":"2022-04-27T15:12:36","modified_gmt":"2022-04-27T15:12:36","slug":"uber-die-firma","status":"publish","type":"page","link":"https:\/\/pastorkalt.sk\/de\/uber-die-firma\/","title":{"rendered":"\u00dcber Firma"},"content":{"rendered":"<p>[vc_row full_width=&#8220;stretch_row_content_no_spaces&#8220;][vc_column 0=&#8220;&#8220;][vc_video link=&#8220;https:\/\/www.youtube.com\/embed\/dvTZPiOU8MY&#8220; align=&#8220;center&#8220; el_class=&#8220;ofirme_video&#8220;][\/vc_column][\/vc_row][vc_row el_class=&#8220;ofirme_text&#8220;][vc_column 0=&#8220;&#8220;][vc_row_inner][vc_column_inner el_class=&#8220;mobile_disable&#8220; width=&#8220;1\/2&#8243;][vc_single_image image=&#8220;5077&#8243; img_size=&#8220;full&#8220; alignment=&#8220;center&#8220; el_class=&#8220;ofirme_mozaika&#8220;][\/vc_column_inner][vc_column_inner width=&#8220;1\/2&#8243;][vc_column_text]<\/p>\n<p style=\"text-align: justify;\">Fa Pastorkalt entstand in 1993 und heutzutage ist sie ein Mitglied von Pastorfrigor Group. Mitglieder der Gruppe sind ausser Pastorkalt a.s. Firmen <a href=\"https:\/\/www.pastorfrigor.it\/history\/\">Pastorfrigor spa (Italien)<\/a>, Pastorfrigor Ltd (Grossbritannien), Panelli Isolanti (Italien) und <a href=\"http:\/\/www.pastorfrigorgb.com\/\">PastorfrigorGB Ltd (Grossbritanien)<\/a>, Pastorfrigor ME (Mittel Ost ), <a href=\"http:\/\/www.pastorconcept.com\/\">Pastorconcept (Fr)<\/a><!-- und <a href=\"http:\/\/www.pastorkalt.ru\/\">Pastorkalt RU (Russland)<\/a>-->. Zur Zeit wird auch PastorViet in Vietname gebaut. Im Jahr 2001 hat Fa Pastorkalt mit eigener Produktion der Bedienungstheken Klara und Klaudia angefangen und sp\u00e4ter hat man das Produktreihe bis heutige breite Thekenpalette von ca. 30 St. erweitert.<\/p>\n<p style=\"text-align: justify;\">UNSER ZIEL IST ist es, den Kunden komplexe Dienstleistungen bei der Einrichtung jedes Unternehmens &#8211; neu oder rekonstruiert anzubieten, mit Schwerpunkt auf den Gesch\u00e4ftsbetriebe von Lebensmittelncharakter, Superm\u00e4rkte, Hyperm\u00e4rkte, spezialisierte Verkaufstellen f\u00fcr Fleisch und Geb\u00e4ck, sowie Konditoreien, Fastfood, Baguetteries oder Tankstellen. Wir bieten den Kunden einen L\u00f6sungsvorschlag von der Planung der Anlageplatzierung, durch die Herstellung von massgeschnittenen K\u00fchltheken bis ihre Lieferung und Montage. Und das alles auch au\u00dferhalb des Gebiets der Slowakischen Republik.<\/p>\n<p>[\/vc_column_text][\/vc_column_inner][\/vc_row_inner][vc_row_inner el_class=&#8220;ofirme_dovozca&#8220;][vc_column_inner 0=&#8220;&#8220;]<div class=\"fancy_heading fancy_heading_line\"><h2 class=\"title\">WIR SIND EIN EXKLUSIVER IMPORTEURE<\/h2><div class=\"inside\">F\u00fcr diese ausl\u00e4ndischen Unternehmen und unser komplettes Sortiment erg\u00e4nzen wir auch mit ihrem Produktangebot:<\/div><\/div>\n<ul class=\"clients clearfix \"><li style=\"width:50%\"><div class=\"client_wrapper\"><a target=\"_blank\" href=\"http:\/\/www.aht.at\/\" title=\"AHT\"><div class=\"gs-wrapper\"><img width=\"150\" height=\"75\" src=\"https:\/\/pastorkalt.sk\/wp-content\/uploads\/2017\/09\/aht.jpg\" class=\"scale-with-grid wp-post-image\" alt=\"\" loading=\"lazy\" srcset=\"https:\/\/pastorkalt.sk\/wp-content\/uploads\/2017\/09\/aht.jpg 150w, https:\/\/pastorkalt.sk\/wp-content\/uploads\/2017\/09\/aht-50x25.jpg 50w\" sizes=\"(max-width: 150px) 100vw, 150px\" \/><\/div><\/a><\/div><\/li><li style=\"width:50%\"><div class=\"client_wrapper\"><a target=\"_blank\" href=\"http:\/\/www.pastorfrigor.it\/\" title=\"Pastorfrigor spa.\"><div class=\"gs-wrapper\"><img width=\"150\" height=\"75\" src=\"https:\/\/pastorkalt.sk\/wp-content\/uploads\/2017\/09\/pastorfrigor.jpg\" class=\"scale-with-grid wp-post-image\" alt=\"\" loading=\"lazy\" srcset=\"https:\/\/pastorkalt.sk\/wp-content\/uploads\/2017\/09\/pastorfrigor.jpg 150w, https:\/\/pastorkalt.sk\/wp-content\/uploads\/2017\/09\/pastorfrigor-50x25.jpg 50w\" sizes=\"(max-width: 150px) 100vw, 150px\" \/><\/div><\/a><\/div><\/li><\/ul>\n[\/vc_column_inner][\/vc_row_inner][vc_row_inner 0=&#8220;&#8220;][vc_column_inner width=&#8220;1\/2&#8243;][vc_column_text 0=&#8220;&#8220;]<\/p>\n<div class=\"fancy_heading fancy_heading_line\">\n<h3 class=\"title\">UNSER SORTIMENT<\/h3>\n<\/div>\n<p>&nbsp;<\/p>\n<p style=\"text-align: justify;\">unterteilt man in 4 grundlegende Produktlinien:<\/p>\n<ul>\n<li><a href=\"https:\/\/pastorkalt.sk\/de\/produkte\/bedienungstheken\/\">Bedienungstheken<\/a><\/li>\n<li><a href=\"https:\/\/pastorkalt.sk\/de\/produkte\/wandkuhlregale-ohne-maschine\/\">Wandk\u00fchlregale ohne Maschine<\/a><\/li>\n<li><a href=\"https:\/\/pastorkalt.sk\/de\/produkte\/wandkuhlregale-mit-maschine\/\">Wandk\u00fchlregale mit Maschine<\/a><\/li>\n<li><a href=\"https:\/\/pastorkalt.sk\/de\/produkte\/inseln\/\">Inseln<\/a><\/li>\n<\/ul>\n<p style=\"text-align: justify;\">Aus dieser Vielzahl bedecken wir mit eigener Produktion die Bedienungs- und Niedertemperatur-K\u00fchltheken, Geb\u00e4ck- und und Kassentische, Fisch und Salat K\u00fchltheken und Konditorei- Theken dazu noch komplettes Sortiment von Wandk\u00fchlregalen. K\u00fcrzlich wurden die Wandk\u00fchlregale f\u00fcr Lebensmittelhersteller, Tiefk\u00fchl- offene Wannen mit Aggregat zugesetzt. Mehr in Sektion <a href=\"https:\/\/pastorkalt.sk\/de\/#produkten\">unsere Produkte.<\/a><\/p>\n<p style=\"text-align: justify;\">GROSSE AUFMERKSAMKEIT widmen wir immer noch dem K\u00fchlm\u00f6beldesign und deren Verbesserung, in Form der Neuentwicklung . In dieser Hinsicht ist unser st\u00e4ndiger Partner doc. Ferdinand Chrenka, Akad. Skulpturen. Mitglied der Abteilung f\u00fcr Design von V\u0160VU Bratislava. Sehen Sie sich an unser <a href=\"https:\/\/pastorkalt.sk\/wp-content\/uploads\/2020\/07\/pastorkalt_minikatalog_2020_06.pdf\" target=\"_blank\" rel=\"noopener noreferrer\">Minikatalog 2020<\/a>.<\/p>\n<p>[\/vc_column_text][\/vc_column_inner][vc_column_inner el_class=&#8220;ofirme_img&#8220; width=&#8220;1\/2&#8243;]<div class=\"photo_box  without-desc\"><div class=\"image_frame\"><div class=\"image_wrapper\"><a href=\"https:\/\/pastorkalt.sk\/wp-content\/uploads\/2020\/07\/pastorkalt_minikatalog_2020_06.pdf\" target=\"_blank\"><div class=\"mask\"><\/div><img class=\"scale-with-grid\" src=\"https:\/\/pastorkalt.sk\/wp-content\/uploads\/2020\/03\/pastorkalt_minikatalog2020_titluka.jpg\" alt=\"pastorkalt_minikatalog2020_titluka\" width=\"1024\" height=\"768\"\/><\/a><\/div><\/div><\/div>\n[\/vc_column_inner][\/vc_row_inner][\/vc_column][\/vc_row][vc_row 0=&#8220;&#8220; el_class=&#8220;ofirme_text&#8220;][vc_column width=&#8220;1\/2&#8243;][vc_video link=&#8220;https:\/\/vimeo.com\/video\/216329912&#8243; el_class=&#8220;ofirme_video&#8220;][\/vc_column][vc_column width=&#8220;1\/2&#8243;][vc_column_text]<\/p>\n<p class=\"likeh3 fontNC\" style=\"text-align: justify;\">Wir sind ein stolzes Mitglied der Pastorfrigor Group. Heute besteht die Gruppe aus drei Produktionsst\u00e4tten und einem Forschungszentrum in Russland und kann auf 200 Mitarbeiter z\u00e4hlen.<\/p>\n<p>[\/vc_column_text]<ul class=\"clients clearfix \"><li style=\"width:25%\"><div class=\"client_wrapper\"><a target=\"_blank\" href=\"https:\/\/www.pastorconcept.com\" title=\"Pastorconcept\"><div class=\"gs-wrapper\"><img width=\"150\" height=\"75\" src=\"https:\/\/pastorkalt.sk\/wp-content\/uploads\/2017\/10\/pastorconcept.jpg\" class=\"scale-with-grid wp-post-image\" alt=\"\" loading=\"lazy\" srcset=\"https:\/\/pastorkalt.sk\/wp-content\/uploads\/2017\/10\/pastorconcept.jpg 150w, https:\/\/pastorkalt.sk\/wp-content\/uploads\/2017\/10\/pastorconcept-50x25.jpg 50w\" sizes=\"(max-width: 150px) 100vw, 150px\" \/><\/div><\/a><\/div><\/li><li style=\"width:25%\"><div class=\"client_wrapper\"><a target=\"_blank\" href=\"http:\/\/www.pastorfrigorgb.com\" title=\"Pastorfrigor GB\"><div class=\"gs-wrapper\"><img width=\"150\" height=\"75\" src=\"https:\/\/pastorkalt.sk\/wp-content\/uploads\/2017\/10\/pastorfrigorgb.jpg\" class=\"scale-with-grid wp-post-image\" alt=\"\" loading=\"lazy\" srcset=\"https:\/\/pastorkalt.sk\/wp-content\/uploads\/2017\/10\/pastorfrigorgb.jpg 150w, https:\/\/pastorkalt.sk\/wp-content\/uploads\/2017\/10\/pastorfrigorgb-50x25.jpg 50w\" sizes=\"(max-width: 150px) 100vw, 150px\" \/><\/div><\/a><\/div><\/li><li style=\"width:25%\"><div class=\"client_wrapper\"><a target=\"_blank\" href=\"http:\/\/www.pastorfrigor.it\/\" title=\"Pastorfrigor spa.\"><div class=\"gs-wrapper\"><img width=\"150\" height=\"75\" src=\"https:\/\/pastorkalt.sk\/wp-content\/uploads\/2017\/09\/pastorfrigor.jpg\" class=\"scale-with-grid wp-post-image\" alt=\"\" loading=\"lazy\" srcset=\"https:\/\/pastorkalt.sk\/wp-content\/uploads\/2017\/09\/pastorfrigor.jpg 150w, https:\/\/pastorkalt.sk\/wp-content\/uploads\/2017\/09\/pastorfrigor-50x25.jpg 50w\" sizes=\"(max-width: 150px) 100vw, 150px\" \/><\/div><\/a><\/div><\/li><li style=\"width:25%\"><div class=\"client_wrapper\"><a target=\"_blank\" href=\"https:\/\/www.pastorkalt.ru\" title=\"Pastorkalt RU\"><div class=\"gs-wrapper\"><img width=\"150\" height=\"75\" src=\"https:\/\/pastorkalt.sk\/wp-content\/uploads\/2017\/10\/pklogo_black_small-150x75.png\" class=\"scale-with-grid wp-post-image\" alt=\"Logo firmy Pastorkalt a.s.\" loading=\"lazy\" srcset=\"https:\/\/pastorkalt.sk\/wp-content\/uploads\/2017\/10\/pklogo_black_small-150x75.png 150w, https:\/\/pastorkalt.sk\/wp-content\/uploads\/2017\/10\/pklogo_black_small-50x25.png 50w, https:\/\/pastorkalt.sk\/wp-content\/uploads\/2017\/10\/pklogo_black_small.png 215w\" sizes=\"(max-width: 150px) 100vw, 150px\" \/><\/div><\/a><\/div><\/li><\/ul>\n[vc_btn title=&#8220;Partner&#8220; shape=&#8220;square&#8220; color=&#8220;primary&#8220; link=&#8220;url:http%3A%2F%2Fpastorkalt.sk%2Fde%2Fpartner%2F|&#8220;][\/vc_column][\/vc_row][vc_row full_width=&#8220;stretch_row&#8220; content_placement=&#8220;middle&#8220; el_class=&#8220;ofirme_cta&#8220;][vc_column 0=&#8220;&#8220;]<div class=\"call_to_action\"><div class=\"call_to_action_wrapper\"><div class=\"call_left\"><h3>SUCHEN SIE K\u00dcHLTHEKEN VON SPEZIFISCHEN ABMESSUNGEN ODER FARBEN?<\/h3><\/div><div class=\"call_center\"><div class=\"desc\"><\/div><\/div><div class=\"call_right\"><a href=\"mailto:juraj.blaskovic@pastorkalt.sk\" class=\"cta_link \"  ><span class=\"icon_wrapper cta_icon\"><i class=\"icon-mail\" title=\"Kontaktieren Sie uns\"><\/i><\/span><\/a><\/div><\/div><\/div>\n[\/vc_column][\/vc_row]<\/p>\n","protected":false},"excerpt":{"rendered":"<p>[vc_row full_width=&#8220;stretch_row_content_no_spaces&#8220;][vc_column 0=&#8220;&#8220;][vc_video link=&#8220;https:\/\/www.youtube.com\/embed\/dvTZPiOU8MY&#8220; align=&#8220;center&#8220; el_class=&#8220;ofirme_video&#8220;][\/vc_column][\/vc_row][vc_row el_class=&#8220;ofirme_text&#8220;][vc_column 0=&#8220;&#8220;][vc_row_inner][vc_column_inner el_class=&#8220;mobile_disable&#8220; width=&#8220;1\/2&#8243;][vc_single_image image=&#8220;5077&#8243; img_size=&#8220;full&#8220; alignment=&#8220;center&#8220; el_class=&#8220;ofirme_mozaika&#8220;][\/vc_column_inner][vc_column_inner width=&#8220;1\/2&#8243;][vc_column_text] Fa Pastorkalt <a class=\"read-more\" href=\"https:\/\/pastorkalt.sk\/de\/client-item\/pastorkalt-ru-2\/\">&#8230;<\/a><\/p>\n","protected":false},"author":5,"featured_media":0,"parent":0,"menu_order":0,"comment_status":"closed","ping_status":"closed","template":"","meta":[],"yoast_head":"<!-- This site is optimized with the Yoast SEO plugin v17.6 - https:\/\/yoast.com\/wordpress\/plugins\/seo\/ -->\n<title>Firma Pastorkalt a.s. - \u010dlen skupiny Pastorfrigor Group<\/title>\n<meta name=\"description\" content=\"NA\u0160IM CIE\u013dOM je pon\u00faka\u0165 z\u00e1kazn\u00edkovi komplexn\u00e9 slu\u017eby pri zria\u010fovan\u00ed akejko\u013evek jeho obchodnej prev\u00e1dzky so zameran\u00edm na obchodn\u00e9 prev\u00e1dzky.\" \/>\n<meta name=\"robots\" content=\"index, follow, max-snippet:-1, max-image-preview:large, max-video-preview:-1\" \/>\n<link rel=\"canonical\" href=\"https:\/\/pastorkalt.sk\/de\/uber-die-firma\/\" \/>\n<meta property=\"og:locale\" content=\"de_DE\" \/>\n<meta property=\"og:type\" content=\"article\" \/>\n<meta property=\"og:title\" content=\"Firma Pastorkalt a.s. - \u010dlen skupiny Pastorfrigor Group\" \/>\n<meta property=\"og:description\" content=\"NA\u0160IM CIE\u013dOM je pon\u00faka\u0165 z\u00e1kazn\u00edkovi komplexn\u00e9 slu\u017eby pri zria\u010fovan\u00ed akejko\u013evek jeho obchodnej prev\u00e1dzky so zameran\u00edm na obchodn\u00e9 prev\u00e1dzky.\" \/>\n<meta property=\"og:url\" content=\"https:\/\/pastorkalt.sk\/de\/uber-die-firma\/\" \/>\n<meta property=\"og:site_name\" content=\"Pastorkalt.sk\" \/>\n<meta property=\"article:modified_time\" content=\"2022-04-27T15:12:36+00:00\" \/>\n<meta property=\"og:image\" content=\"https:\/\/pastorkalt.sk\/wp-content\/uploads\/2017\/09\/slider_budova_nz.jpg\" \/>\n\t<meta property=\"og:image:width\" content=\"1920\" \/>\n\t<meta property=\"og:image:height\" content=\"1080\" \/>\n<meta name=\"twitter:label1\" content=\"Gesch\u00e4tzte Lesezeit\" \/>\n\t<meta name=\"twitter:data1\" content=\"2\u00a0Minuten\" \/>\n<script type=\"application\/ld+json\" class=\"yoast-schema-graph\">{\"@context\":\"https:\/\/schema.org\",\"@graph\":[{\"@type\":\"Organization\",\"@id\":\"https:\/\/pastorkalt.sk\/de\/#organization\",\"name\":\"PASTORKALT a. s.\",\"url\":\"https:\/\/pastorkalt.sk\/de\/\",\"sameAs\":[],\"logo\":{\"@type\":\"ImageObject\",\"@id\":\"https:\/\/pastorkalt.sk\/de\/#logo\",\"inLanguage\":\"de\",\"url\":\"https:\/\/pastorkalt.sk\/wp-content\/uploads\/2017\/10\/pklogo_black_retina.png\",\"contentUrl\":\"https:\/\/pastorkalt.sk\/wp-content\/uploads\/2017\/10\/pklogo_black_retina.png\",\"width\":430,\"height\":216,\"caption\":\"PASTORKALT a. s.\"},\"image\":{\"@id\":\"https:\/\/pastorkalt.sk\/de\/#logo\"}},{\"@type\":\"WebSite\",\"@id\":\"https:\/\/pastorkalt.sk\/de\/#website\",\"url\":\"https:\/\/pastorkalt.sk\/de\/\",\"name\":\"Pastorkalt.sk\",\"description\":\"Ak to m\\u00e1 by\\u0165 chladen\\u00e9\",\"publisher\":{\"@id\":\"https:\/\/pastorkalt.sk\/de\/#organization\"},\"potentialAction\":[{\"@type\":\"SearchAction\",\"target\":{\"@type\":\"EntryPoint\",\"urlTemplate\":\"https:\/\/pastorkalt.sk\/de\/?s={search_term_string}\"},\"query-input\":\"required name=search_term_string\"}],\"inLanguage\":\"de\"},{\"@type\":\"WebPage\",\"@id\":\"https:\/\/pastorkalt.sk\/de\/uber-die-firma\/#webpage\",\"url\":\"https:\/\/pastorkalt.sk\/de\/uber-die-firma\/\",\"name\":\"Firma Pastorkalt a.s. - \\u010dlen skupiny Pastorfrigor Group\",\"isPartOf\":{\"@id\":\"https:\/\/pastorkalt.sk\/de\/#website\"},\"datePublished\":\"2018-09-05T08:38:21+00:00\",\"dateModified\":\"2022-04-27T15:12:36+00:00\",\"description\":\"NA\\u0160IM CIE\\u013dOM je pon\\u00faka\\u0165 z\\u00e1kazn\\u00edkovi komplexn\\u00e9 slu\\u017eby pri zria\\u010fovan\\u00ed akejko\\u013evek jeho obchodnej prev\\u00e1dzky so zameran\\u00edm na obchodn\\u00e9 prev\\u00e1dzky.\",\"breadcrumb\":{\"@id\":\"https:\/\/pastorkalt.sk\/de\/uber-die-firma\/#breadcrumb\"},\"inLanguage\":\"de\",\"potentialAction\":[{\"@type\":\"ReadAction\",\"target\":[\"https:\/\/pastorkalt.sk\/de\/uber-die-firma\/\"]}]},{\"@type\":\"BreadcrumbList\",\"@id\":\"https:\/\/pastorkalt.sk\/de\/uber-die-firma\/#breadcrumb\",\"itemListElement\":[{\"@type\":\"ListItem\",\"position\":1,\"name\":\"Home\",\"item\":\"https:\/\/pastorkalt.sk\/de\/\"},{\"@type\":\"ListItem\",\"position\":2,\"name\":\"\\u00dcber Firma\"}]}]}<\/script>\n<!-- \/ Yoast SEO plugin. -->","yoast_head_json":{"title":"Firma Pastorkalt a.s. - \u010dlen skupiny Pastorfrigor Group","description":"NA\u0160IM CIE\u013dOM je pon\u00faka\u0165 z\u00e1kazn\u00edkovi komplexn\u00e9 slu\u017eby pri zria\u010fovan\u00ed akejko\u013evek jeho obchodnej prev\u00e1dzky so zameran\u00edm na obchodn\u00e9 prev\u00e1dzky.","robots":{"index":"index","follow":"follow","max-snippet":"max-snippet:-1","max-image-preview":"max-image-preview:large","max-video-preview":"max-video-preview:-1"},"canonical":"https:\/\/pastorkalt.sk\/de\/uber-die-firma\/","og_locale":"de_DE","og_type":"article","og_title":"Firma Pastorkalt a.s. - \u010dlen skupiny Pastorfrigor Group","og_description":"NA\u0160IM CIE\u013dOM je pon\u00faka\u0165 z\u00e1kazn\u00edkovi komplexn\u00e9 slu\u017eby pri zria\u010fovan\u00ed akejko\u013evek jeho obchodnej prev\u00e1dzky so zameran\u00edm na obchodn\u00e9 prev\u00e1dzky.","og_url":"https:\/\/pastorkalt.sk\/de\/uber-die-firma\/","og_site_name":"Pastorkalt.sk","article_modified_time":"2022-04-27T15:12:36+00:00","og_image":[{"width":1920,"height":1080,"url":"https:\/\/pastorkalt.sk\/wp-content\/uploads\/2017\/09\/slider_budova_nz.jpg","type":"image\/jpeg"}],"twitter_misc":{"Gesch\u00e4tzte Lesezeit":"2\u00a0Minuten"},"schema":{"@context":"https:\/\/schema.org","@graph":[{"@type":"Organization","@id":"https:\/\/pastorkalt.sk\/de\/#organization","name":"PASTORKALT a. s.","url":"https:\/\/pastorkalt.sk\/de\/","sameAs":[],"logo":{"@type":"ImageObject","@id":"https:\/\/pastorkalt.sk\/de\/#logo","inLanguage":"de","url":"https:\/\/pastorkalt.sk\/wp-content\/uploads\/2017\/10\/pklogo_black_retina.png","contentUrl":"https:\/\/pastorkalt.sk\/wp-content\/uploads\/2017\/10\/pklogo_black_retina.png","width":430,"height":216,"caption":"PASTORKALT a. s."},"image":{"@id":"https:\/\/pastorkalt.sk\/de\/#logo"}},{"@type":"WebSite","@id":"https:\/\/pastorkalt.sk\/de\/#website","url":"https:\/\/pastorkalt.sk\/de\/","name":"Pastorkalt.sk","description":"Ak to m\u00e1 by\u0165 chladen\u00e9","publisher":{"@id":"https:\/\/pastorkalt.sk\/de\/#organization"},"potentialAction":[{"@type":"SearchAction","target":{"@type":"EntryPoint","urlTemplate":"https:\/\/pastorkalt.sk\/de\/?s={search_term_string}"},"query-input":"required name=search_term_string"}],"inLanguage":"de"},{"@type":"WebPage","@id":"https:\/\/pastorkalt.sk\/de\/uber-die-firma\/#webpage","url":"https:\/\/pastorkalt.sk\/de\/uber-die-firma\/","name":"Firma Pastorkalt a.s. - \u010dlen skupiny Pastorfrigor Group","isPartOf":{"@id":"https:\/\/pastorkalt.sk\/de\/#website"},"datePublished":"2018-09-05T08:38:21+00:00","dateModified":"2022-04-27T15:12:36+00:00","description":"NA\u0160IM CIE\u013dOM je pon\u00faka\u0165 z\u00e1kazn\u00edkovi komplexn\u00e9 slu\u017eby pri zria\u010fovan\u00ed akejko\u013evek jeho obchodnej prev\u00e1dzky so zameran\u00edm na obchodn\u00e9 prev\u00e1dzky.","breadcrumb":{"@id":"https:\/\/pastorkalt.sk\/de\/uber-die-firma\/#breadcrumb"},"inLanguage":"de","potentialAction":[{"@type":"ReadAction","target":["https:\/\/pastorkalt.sk\/de\/uber-die-firma\/"]}]},{"@type":"BreadcrumbList","@id":"https:\/\/pastorkalt.sk\/de\/uber-die-firma\/#breadcrumb","itemListElement":[{"@type":"ListItem","position":1,"name":"Home","item":"https:\/\/pastorkalt.sk\/de\/"},{"@type":"ListItem","position":2,"name":"\u00dcber Firma"}]}]}},"_links":{"self":[{"href":"https:\/\/pastorkalt.sk\/de\/wp-json\/wp\/v2\/pages\/6208"}],"collection":[{"href":"https:\/\/pastorkalt.sk\/de\/wp-json\/wp\/v2\/pages"}],"about":[{"href":"https:\/\/pastorkalt.sk\/de\/wp-json\/wp\/v2\/types\/page"}],"author":[{"embeddable":true,"href":"https:\/\/pastorkalt.sk\/de\/wp-json\/wp\/v2\/users\/5"}],"replies":[{"embeddable":true,"href":"https:\/\/pastorkalt.sk\/de\/wp-json\/wp\/v2\/comments?post=6208"}],"version-history":[{"count":17,"href":"https:\/\/pastorkalt.sk\/de\/wp-json\/wp\/v2\/pages\/6208\/revisions"}],"predecessor-version":[{"id":12958,"href":"https:\/\/pastorkalt.sk\/de\/wp-json\/wp\/v2\/pages\/6208\/revisions\/12958"}],"wp:attachment":[{"href":"https:\/\/pastorkalt.sk\/de\/wp-json\/wp\/v2\/media?parent=6208"}],"curies":[{"name":"wp","href":"https:\/\/api.w.org\/{rel}","templated":true}]}}