{"id":6523,"date":"2018-09-11T10:57:08","date_gmt":"2018-09-11T10:57:08","guid":{"rendered":"http:\/\/pk.esystem.sk\/ochrana-osobnych-udajov\/"},"modified":"2020-03-02T15:36:11","modified_gmt":"2020-03-02T15:36:11","slug":"datenschutzgesetz","status":"publish","type":"page","link":"https:\/\/pastorkalt.sk\/de\/datenschutzgesetz\/","title":{"rendered":"Datenschutzgesetz"},"content":{"rendered":"<h2>Verarbeitung personenbezogener Daten gem\u00e4\u00df der Verordnung des Europ\u00e4ischen Parlaments und des Rates der EU<\/h2>\n<p>im Sinne der Artikel 13 bis 22 der Verordnung (EU) Nr. 2016\/679 zum Schutz des Einzelnen bei der Verarbeitung personenbezogener Daten und zum freien Datenverkehr (im Folgenden als \u201eAllgemeine Datenschutzverordnung\u201c oder DSGVO &#8211; &#8222;Allgemeine Datenschutzverordnung&#8220; bezeichnet) und den Bestimmungen der \u00a7\u00a7 19 ff. des Gesetzes Nr. 18\/2018 Coll. zum Schutz personenbezogener Daten sowie zu \u00c4nderungen und Erg\u00e4nzungen bestimmter Gesetze (im Folgenden: &#8222;Datenschutzgesetz&#8220;).<\/p>\n<p>Gem\u00e4\u00df Artikel 13 der Allgemeinen Datenschutzverordnung eblt. die Bestimmungen von Abschnitt 19 des Gesetzes zum Schutz personenbezogener Daten verlangen, dass der Betreiber der Website: <strong>pastorkalt.sk<\/strong> (im Folgenden als &#8222;Betreiber&#8220; bezeichnet) verpflichtet ist, der betroffenen Person die folgenden Informationen in Bezug auf die betroffene Person zur Verf\u00fcgung zu stellen:<\/p>\n<h3>I. Kontaktdaten des Betreibers<\/h3>\n<p><em>Name: PASTORKALT a.s.<\/em><br \/>\n<em>Adresse: Pova\u017esk\u00e1 26, 940 02 Nov\u00e9 Z\u00e1mky<\/em><br \/>\n<em>Id. Nr.: 314 373 89<\/em><br \/>\n<em>Steuer-ID-Nummer: 2020413747<\/em><br \/>\n<em>MWSt. Id. Nr: SK2020413747<\/em><br \/>\n<em>Kontakt: Ing. Roman Vi\u0161\u0148ovsk\u00fd<\/em><\/p>\n<h3>II. Zweck der Verarbeitung der Daten der betroffenen Person<\/h3>\n<p>Personenbezogene Daten der betroffenen Person wird vom Betreiber zu folgenden Zwecken verarbeitet:<\/p>\n<ul>\n<li>Feedback-Kontaktaufnahme<\/li>\n<li>Ausarbeitung eines unverbindlichen Angebots<\/li>\n<\/ul>\n<h3>III. Umfang der Verarbeitung der personenbezogenen Daten der betroffenen Person<\/h3>\n<p>Zu diesem Zweck verarbeitet der Betreiber die folgenden personenbezogenen Daten der betroffenen Person bewusst:<\/p>\n<ul>\n<li>Name<\/li>\n<li>Nachname<\/li>\n<li>E-mail Adresse<\/li>\n<\/ul>\n<p>Personenbezogene Daten, die der Betreiber unbewusst von der betroffenen Person verarbeitet:<\/p>\n<ul>\n<li>IP Adresse<\/li>\n<\/ul>\n<h3>IV. Aufbewahrungsfrist der personenbezogener Daten der betroffenen Person<\/h3>\n<p>Die personenbezogenen Daten der betroffenen Person werden f\u00fcr den Zeitraum verarbeitet, gesammelt, archiviert und sicher gespeichert, der f\u00fcr die Zwecke erforderlich ist, f\u00fcr die die personenbezogenen Daten verarbeitet oder erhoben wurden, sowie f\u00fcr den berechtigten Grund f\u00fcr ihre m\u00f6gliche Archivierung oder die Zustimmung zur Verarbeitung personenbezogener Daten der betroffenen Person. Auf Aufforderung der betroffenen Person, Daten zu l\u00f6schen, werden alle personenbezogenen Daten dauerhaft gel\u00f6scht und entsprechende Bestellungen (falls vorhanden) anonymisiert.<\/p>\n<h3>V. Verfahren zur Erlangung, Aufzeichnung und Sicherung der personenbezogenen Daten der betroffenen Person<\/h3>\n<p>In den meisten F\u00e4llen werden die pers\u00f6nlichen Daten der Person direkt von ihr abgerufen, beispielsweise durch Ausf\u00fcllen eines Kontaktformulars. In diesem Fall ist die Erhebung personenbezogener Daten freiwillig und beinhaltet keine vertragliche oder rechtliche Verpflichtung. Der Website-Betreiber ist verpflichtet, alle Benutzeranfragen zum Herunterladen, Korrigieren und L\u00f6schen der Daten der betreffenden Person aufzuzeichnen. Bei der Sicherung der personenbezogenen Daten der betroffenen Person verf\u00fcgt der Betreiber \u00fcber moderne technische und Sicherheitsmechanismen, um die verarbeiteten personenbezogenen Daten vor unbefugtem Zugriff oder unbefugter \u00dcbermittlung, vor Verlust oder Zerst\u00f6rung oder vor anderem m\u00f6glichen Missbrauch zu sch\u00fctzen. Der Betreiber darf die personenbezogenen Daten der betroffenen Person nicht an ein Drittland oder eine internationale Organisation \u00fcbertragen oder beabsichtigen, diese zu \u00fcbertragen.<\/p>\n<h3>VI. Rechte der betroffenen Person hinsichtlich der Verarbeitung ihrer pers\u00f6nlichen Daten<\/h3>\n<p>Die Allgemeine Datenschutzverordnung und das Gesetz zum Schutz personenbezogener Daten legen die allgemeinen Bedingungen f\u00fcr die Aus\u00fcbung der individuellen Rechte der betroffenen Person fest. Dies bedeutet jedoch nicht automatisch, dass der Betreiber mit der Aus\u00fcbung individueller Rechte zufrieden ist, da im Einzelfall auch Ausnahmen oder Ausnahmen gelten k\u00f6nnen, bzw. einige Rechte sind an bestimmte Bedingungen gebunden, die in keinem Fall erf\u00fcllt sein k\u00f6nnen. Ein Antrag auf ein bestimmtes Recht wird vom Betreiber immer im Hinblick auf die Gesetzgebung und geltende Ausnahmen bearbeitet und gepr\u00fcft.<\/p>\n<p>i. Mit Zustimmung der betroffenen Person kann der Betreiber auch andere personenbezogene Daten der betroffenen Person zu einem anderen als dem in Punkt II genannten Zweck verarbeiten, bzw. andere personenbezogene Daten als die zur Erreichung eines bestimmten Zwecks im Sinne von Punkt III erforderlich sind. Unterliegt die Verarbeitung personenbezogener Daten der Zustimmung der betroffenen Person, so hat die betroffene Person jederzeit das Recht, ihre Zustimmung zur Verarbeitung personenbezogener Daten zu widerrufen. Die betroffene Person kann dem Betreiber die Einwilligung zur Verarbeitung personenbezogener Daten erteilen oder nicht &#8211; die fehlende Einwilligung hat keine negativen Auswirkungen auf die betroffene Person. Der Widerruf der Einwilligung der betroffenen Person in die Verarbeitung personenbezogener Daten, die sie betreffen, ber\u00fchrt nicht die Rechtm\u00e4\u00dfigkeit der Verarbeitung personenbezogener Daten aufgrund der Einwilligung vor ihrem Widerruf. Die betroffene Person kann die Einwilligung zur Verarbeitung personenbezogener Daten ebenso wie die Einwilligung widerrufen.<\/p>\n<p>ii. Die betroffene Person hat das Recht, den Betreiber zu fragen, ob ihre personenbezogenen Daten verarbeitet werden oder nicht. Die betroffene Person hat das Recht, vom Betreiber Zugang zu personenbezogenen Daten zu verlangen, die sie betreffen. Auf diese Anfrage stellt der Betreiber der betroffenen Person eine Bescheinigung mit Informationen \u00fcber die Verarbeitung seiner personenbezogenen Daten aus. Der Betreiber ist verpflichtet, der betroffenen Person seine pers\u00f6nlichen Daten zur Verf\u00fcgung zu stellen, die er verarbeitet. Der Betreiber kann eine angemessene Geb\u00fchr in H\u00f6he der Verwaltungskosten f\u00fcr die wiederholte Bereitstellung personenbezogener Daten erheben, die von der betroffenen Person angefordert werden. Der Betreiber ist verpflichtet, der betroffenen Person personenbezogene Daten in der vom Betreiber geforderten Weise zur Verf\u00fcgung zu stellen.<\/p>\n<p>iii. Die betroffene Person hat das Recht, dass ihre personenbezogenen Daten verarbeitet, korrekt, aktuell und vollst\u00e4ndig sind. Sind die personenbezogenen Daten der betroffenen Person veraltet, hat die betroffene Person das Recht, den f\u00fcr die Verarbeitung Verantwortlichen aufzufordern, sie zu korrigieren oder zu erg\u00e4nzen. Die betroffene Person hat das Recht, die sie betreffenden personenbezogenen Daten unverz\u00fcglich unverz\u00fcglich korrigieren zu lassen. In Bezug auf den Zweck der Verarbeitung personenbezogener Daten hat die betroffene Person das Recht, unvollst\u00e4ndige personenbezogene Daten hinzuzuf\u00fcgen.<\/p>\n<p>v. Die betroffene Person hat das Recht, der Verarbeitung ihrer personenbezogenen Daten zu widersprechen, die auf der Grundlage des \u00f6ffentlichen Interesses oder auf der Grundlage der berechtigten Interessen des f\u00fcr die Verarbeitung Verantwortlichen oder eines Dritten, einschlie\u00dflich der Profilerstellung, erfolgt. Der Betreiber darf personenbezogene Daten nicht weiter verarbeiten, es sei denn, er weist die erforderlichen berechtigten Interessen an der Verarbeitung personenbezogener Daten nach, die die Rechte oder Interessen der betroffenen Person oder die Gr\u00fcnde f\u00fcr die Aus\u00fcbung eines Rechtsanspruchs au\u00dfer Kraft setzen.<\/p>\n<p>vi. Die betroffene Person hat das Recht, der Verarbeitung personenbezogener Daten zum Zwecke des Direktmarketings, einschlie\u00dflich der Profilerstellung, in Bezug auf Direktmarketing zu widersprechen. Widerspricht die betroffene Person der Verarbeitung personenbezogener Daten zum Zwecke des Direktmarketings, so verarbeitet der Betreiber die personenbezogenen Daten zum Zwecke des Direktmarketings nicht weiter.<\/p>\n<p>vii. Die betroffene Person hat das Recht, keiner Entscheidung zu unterliegen, die ausschlie\u00dflich auf der automatisierten Verarbeitung personenbezogener Daten einschlie\u00dflich der Profilerstellung beruht, die sie betrifft oder in \u00e4hnlicher Weise wesentlich beeinflusst.<\/p>\n<p>viii. Die betroffene Person hat das Recht, die sie betreffenden personenbezogenen Daten unverz\u00fcglich l\u00f6schen zu lassen. Die betroffene Person hat das Recht, den Betreiber aufzufordern, die Verarbeitung personenbezogener Daten einzuschr\u00e4nken, wenn die betroffene Person der Richtigkeit der personenbezogenen Daten w\u00e4hrend des Zeitraums widerspricht, in dem der Betreiber die Richtigkeit der personenbezogenen Daten \u00fcberpr\u00fcfen kann, die Verarbeitung personenbezogener Daten ist rechtswidrig und die betroffene Person lehnt die L\u00f6schung personenbezogener Daten ab und fordert stattdessen Einschr\u00e4nkungen ihrer Verwendung, ben\u00f6tigt der Betreiber keine personenbezogenen Daten mehr zum Zwecke der Verarbeitung personenbezogener Daten, sondern die betroffene Person ben\u00f6tigt sie, um einen Rechtsanspruch geltend zu machen, oder die betroffene Person widerspricht der Verarbeitung personenbezogener Daten im \u00f6ffentlichen Interesse oder im berechtigten Interesse des Betreibers oder eines Dritten bis \u00fcberpr\u00fcft wird, dass die berechtigten Gr\u00fcnde des Betreibers die berechtigten Gr\u00fcnde der betroffenen Person \u00fcberwiegen.<\/p>\n<p>ix. Wurde die Verarbeitung personenbezogener Daten zus\u00e4tzlich zur Speicherung eingeschr\u00e4nkt, darf der Betreiber personenbezogene Daten nur mit Zustimmung der betroffenen Person oder zum Zwecke der Aus\u00fcbung eines Rechts, zum Schutz von Personen oder aus Gr\u00fcnden des \u00f6ffentlichen Interesses verarbeiten. Die betroffene Person wird vom Betreiber informiert, bevor die Beschr\u00e4nkung der Verarbeitung personenbezogener Daten aufgehoben wird.<\/p>\n<p>x. Die betroffene Person hat das Recht, den Betreiber aufzufordern, ihre personenbezogenen Daten in elektronischer Form anzugeben, um die \u00dcbermittlung personenbezogener Daten der betroffenen Person an ein anderes Unternehmen zu erm\u00f6glichen, byw. an die Dritte. Die betroffene Person hat das Recht, personenbezogene Daten \u00fcber sie zu erhalten, die sie dem Betreiber in einem strukturierten, allgemein verwendeten und maschinenlesbaren Format zur Verf\u00fcgung gestellt hat, und hat das Recht, diese personenbezogenen Daten an einen anderen Betreiber zu \u00fcbertragen, wenn dies technisch m\u00f6glich ist und wenn der Betreiber die personenbezogenen Daten verarbeitet mit Zustimmung der betroffenen Person oder unter einem Vertragsverh\u00e4ltnis.<\/p>\n<p>xi. Die betroffene Person hat das Recht, ein Verfahren zum Schutz personenbezogener Daten einzuleiten, um festzustellen, ob ein Versto\u00df gegen das Recht nat\u00fcrlicher Personen bei der Verarbeitung ihrer personenbezogenen Daten oder ein Versto\u00df gegen das Gesetz zum Schutz personenbezogener Daten oder eine besondere Vorschrift vorliegt. Im Falle von M\u00e4ngeln wenn es vern\u00fcnftig und zweckm\u00e4\u00dfig ist, Abhilfema\u00dfnahmen oder eine Geldbu\u00dfe wegen Versto\u00dfes gegen dieses Gesetz oder eine Sonderregelung zum Schutz personenbezogener Daten zu verh\u00e4ngen. Das Verfahren beginnt auf Antrag der betroffenen Person oder einer Person, die behauptet, von ihren durch dieses Gesetz festgelegten Rechten unmittelbar betroffen zu sein. Die Wesentlichkeit des Vorschlags der betroffenen Person oder der Person, die behauptet, direkt von ihren durch dieses Gesetz festgelegten Rechten betroffen zu sein, sowie das Verfahren zum Schutz personenbezogener Daten selbst sind in \u00a7 100 des Gesetzes Nr. 18\/2018 Z.z. uber Schutz der personenbezogener Daten.<\/p>\n<p>xii. Informationen, die der Betreiber unter dem Recht der betroffenen Person zur Verf\u00fcgung stellt, werden kostenlos zur Verf\u00fcgung gestellt. Wenn die Anfrage der betroffenen Person offensichtlich unbegr\u00fcndet oder unverh\u00e4ltnism\u00e4\u00dfig ist, insbesondere aufgrund ihres wiederkehrenden Charakters, kann der Betreiber eine angemessene Geb\u00fchr unter Ber\u00fccksichtigung der Verwaltungskosten f\u00fcr die Bereitstellung der Informationen erheben oder sich weigern, auf die Anfrage zu reagieren.<br \/>\nDie betroffene Person kann ihre Anfrage zur Aus\u00fcbung der oben beschriebenen Rechte der betroffenen Person in Bezug auf die Verarbeitung ihrer pers\u00f6nlichen Daten per Post oder E-Mail bearbeiten, wobei die Anfrage der betroffenen Person vom Betreiber bearbeitet und der betroffenen Person das Ergebnis mitgeteilt wird auf die gleiche Weise, wie der Antrag gestellt wurde.<\/p>\n<h3>VII. Aufsichtsbeh\u00f6rde<\/h3>\n<p>Amt f\u00fcr den Schutz personenbezogener Daten der Slowakischen Republik<br \/>\nHrani\u010dn\u00e1 12<br \/>\n820 07, Bratislava 27<br \/>\nSlowakische Republik<br \/>\nId. Nr: 36064220<br \/>\nE-mail: statny.dozor@pdp.gov.sk<\/p>\n","protected":false},"excerpt":{"rendered":"<p>Verarbeitung personenbezogener Daten gem\u00e4\u00df der Verordnung des Europ\u00e4ischen Parlaments und des Rates der EU im Sinne der <a class=\"read-more\" href=\"https:\/\/pastorkalt.sk\/de\/datenschutzgesetz\/\">&#8230;<\/a><\/p>\n","protected":false},"author":5,"featured_media":0,"parent":0,"menu_order":0,"comment_status":"closed","ping_status":"closed","template":"","meta":[],"yoast_head":"<!-- This site is optimized with the Yoast SEO plugin v17.6 - https:\/\/yoast.com\/wordpress\/plugins\/seo\/ -->\n<title>Datenschutzgesetz &ndash; Pastorkalt.sk<\/title>\n<meta name=\"robots\" content=\"index, follow, max-snippet:-1, max-image-preview:large, max-video-preview:-1\" \/>\n<link rel=\"canonical\" href=\"https:\/\/pastorkalt.sk\/de\/datenschutzgesetz\/\" \/>\n<meta property=\"og:locale\" content=\"de_DE\" \/>\n<meta property=\"og:type\" content=\"article\" \/>\n<meta property=\"og:title\" content=\"Datenschutzgesetz &ndash; Pastorkalt.sk\" \/>\n<meta property=\"og:description\" content=\"Verarbeitung personenbezogener Daten gem\u00e4\u00df der Verordnung des Europ\u00e4ischen Parlaments und des Rates der EU im Sinne der ...\" \/>\n<meta property=\"og:url\" content=\"https:\/\/pastorkalt.sk\/de\/datenschutzgesetz\/\" \/>\n<meta property=\"og:site_name\" content=\"Pastorkalt.sk\" \/>\n<meta property=\"article:modified_time\" content=\"2020-03-02T15:36:11+00:00\" \/>\n<meta property=\"og:image\" content=\"https:\/\/pastorkalt.sk\/wp-content\/uploads\/2017\/09\/slider_budova_nz.jpg\" \/>\n\t<meta property=\"og:image:width\" content=\"1920\" \/>\n\t<meta property=\"og:image:height\" content=\"1080\" \/>\n<meta name=\"twitter:label1\" content=\"Gesch\u00e4tzte Lesezeit\" \/>\n\t<meta name=\"twitter:data1\" content=\"8\u00a0Minuten\" \/>\n<script type=\"application\/ld+json\" class=\"yoast-schema-graph\">{\"@context\":\"https:\/\/schema.org\",\"@graph\":[{\"@type\":\"Organization\",\"@id\":\"https:\/\/pastorkalt.sk\/de\/#organization\",\"name\":\"PASTORKALT a. s.\",\"url\":\"https:\/\/pastorkalt.sk\/de\/\",\"sameAs\":[],\"logo\":{\"@type\":\"ImageObject\",\"@id\":\"https:\/\/pastorkalt.sk\/de\/#logo\",\"inLanguage\":\"de\",\"url\":\"https:\/\/pastorkalt.sk\/wp-content\/uploads\/2017\/10\/pklogo_black_retina.png\",\"contentUrl\":\"https:\/\/pastorkalt.sk\/wp-content\/uploads\/2017\/10\/pklogo_black_retina.png\",\"width\":430,\"height\":216,\"caption\":\"PASTORKALT a. s.\"},\"image\":{\"@id\":\"https:\/\/pastorkalt.sk\/de\/#logo\"}},{\"@type\":\"WebSite\",\"@id\":\"https:\/\/pastorkalt.sk\/de\/#website\",\"url\":\"https:\/\/pastorkalt.sk\/de\/\",\"name\":\"Pastorkalt.sk\",\"description\":\"Ak to m\\u00e1 by\\u0165 chladen\\u00e9\",\"publisher\":{\"@id\":\"https:\/\/pastorkalt.sk\/de\/#organization\"},\"potentialAction\":[{\"@type\":\"SearchAction\",\"target\":{\"@type\":\"EntryPoint\",\"urlTemplate\":\"https:\/\/pastorkalt.sk\/de\/?s={search_term_string}\"},\"query-input\":\"required name=search_term_string\"}],\"inLanguage\":\"de\"},{\"@type\":\"WebPage\",\"@id\":\"https:\/\/pastorkalt.sk\/de\/datenschutzgesetz\/#webpage\",\"url\":\"https:\/\/pastorkalt.sk\/de\/datenschutzgesetz\/\",\"name\":\"Datenschutzgesetz &ndash; Pastorkalt.sk\",\"isPartOf\":{\"@id\":\"https:\/\/pastorkalt.sk\/de\/#website\"},\"datePublished\":\"2018-09-11T10:57:08+00:00\",\"dateModified\":\"2020-03-02T15:36:11+00:00\",\"breadcrumb\":{\"@id\":\"https:\/\/pastorkalt.sk\/de\/datenschutzgesetz\/#breadcrumb\"},\"inLanguage\":\"de\",\"potentialAction\":[{\"@type\":\"ReadAction\",\"target\":[\"https:\/\/pastorkalt.sk\/de\/datenschutzgesetz\/\"]}]},{\"@type\":\"BreadcrumbList\",\"@id\":\"https:\/\/pastorkalt.sk\/de\/datenschutzgesetz\/#breadcrumb\",\"itemListElement\":[{\"@type\":\"ListItem\",\"position\":1,\"name\":\"Home\",\"item\":\"https:\/\/pastorkalt.sk\/de\/\"},{\"@type\":\"ListItem\",\"position\":2,\"name\":\"Datenschutzgesetz\"}]}]}<\/script>\n<!-- \/ Yoast SEO plugin. -->","yoast_head_json":{"title":"Datenschutzgesetz &ndash; Pastorkalt.sk","robots":{"index":"index","follow":"follow","max-snippet":"max-snippet:-1","max-image-preview":"max-image-preview:large","max-video-preview":"max-video-preview:-1"},"canonical":"https:\/\/pastorkalt.sk\/de\/datenschutzgesetz\/","og_locale":"de_DE","og_type":"article","og_title":"Datenschutzgesetz &ndash; Pastorkalt.sk","og_description":"Verarbeitung personenbezogener Daten gem\u00e4\u00df der Verordnung des Europ\u00e4ischen Parlaments und des Rates der EU im Sinne der ...","og_url":"https:\/\/pastorkalt.sk\/de\/datenschutzgesetz\/","og_site_name":"Pastorkalt.sk","article_modified_time":"2020-03-02T15:36:11+00:00","og_image":[{"width":1920,"height":1080,"url":"https:\/\/pastorkalt.sk\/wp-content\/uploads\/2017\/09\/slider_budova_nz.jpg","type":"image\/jpeg"}],"twitter_misc":{"Gesch\u00e4tzte Lesezeit":"8\u00a0Minuten"},"schema":{"@context":"https:\/\/schema.org","@graph":[{"@type":"Organization","@id":"https:\/\/pastorkalt.sk\/de\/#organization","name":"PASTORKALT a. s.","url":"https:\/\/pastorkalt.sk\/de\/","sameAs":[],"logo":{"@type":"ImageObject","@id":"https:\/\/pastorkalt.sk\/de\/#logo","inLanguage":"de","url":"https:\/\/pastorkalt.sk\/wp-content\/uploads\/2017\/10\/pklogo_black_retina.png","contentUrl":"https:\/\/pastorkalt.sk\/wp-content\/uploads\/2017\/10\/pklogo_black_retina.png","width":430,"height":216,"caption":"PASTORKALT a. s."},"image":{"@id":"https:\/\/pastorkalt.sk\/de\/#logo"}},{"@type":"WebSite","@id":"https:\/\/pastorkalt.sk\/de\/#website","url":"https:\/\/pastorkalt.sk\/de\/","name":"Pastorkalt.sk","description":"Ak to m\u00e1 by\u0165 chladen\u00e9","publisher":{"@id":"https:\/\/pastorkalt.sk\/de\/#organization"},"potentialAction":[{"@type":"SearchAction","target":{"@type":"EntryPoint","urlTemplate":"https:\/\/pastorkalt.sk\/de\/?s={search_term_string}"},"query-input":"required name=search_term_string"}],"inLanguage":"de"},{"@type":"WebPage","@id":"https:\/\/pastorkalt.sk\/de\/datenschutzgesetz\/#webpage","url":"https:\/\/pastorkalt.sk\/de\/datenschutzgesetz\/","name":"Datenschutzgesetz &ndash; Pastorkalt.sk","isPartOf":{"@id":"https:\/\/pastorkalt.sk\/de\/#website"},"datePublished":"2018-09-11T10:57:08+00:00","dateModified":"2020-03-02T15:36:11+00:00","breadcrumb":{"@id":"https:\/\/pastorkalt.sk\/de\/datenschutzgesetz\/#breadcrumb"},"inLanguage":"de","potentialAction":[{"@type":"ReadAction","target":["https:\/\/pastorkalt.sk\/de\/datenschutzgesetz\/"]}]},{"@type":"BreadcrumbList","@id":"https:\/\/pastorkalt.sk\/de\/datenschutzgesetz\/#breadcrumb","itemListElement":[{"@type":"ListItem","position":1,"name":"Home","item":"https:\/\/pastorkalt.sk\/de\/"},{"@type":"ListItem","position":2,"name":"Datenschutzgesetz"}]}]}},"_links":{"self":[{"href":"https:\/\/pastorkalt.sk\/de\/wp-json\/wp\/v2\/pages\/6523"}],"collection":[{"href":"https:\/\/pastorkalt.sk\/de\/wp-json\/wp\/v2\/pages"}],"about":[{"href":"https:\/\/pastorkalt.sk\/de\/wp-json\/wp\/v2\/types\/page"}],"author":[{"embeddable":true,"href":"https:\/\/pastorkalt.sk\/de\/wp-json\/wp\/v2\/users\/5"}],"replies":[{"embeddable":true,"href":"https:\/\/pastorkalt.sk\/de\/wp-json\/wp\/v2\/comments?post=6523"}],"version-history":[{"count":4,"href":"https:\/\/pastorkalt.sk\/de\/wp-json\/wp\/v2\/pages\/6523\/revisions"}],"predecessor-version":[{"id":10964,"href":"https:\/\/pastorkalt.sk\/de\/wp-json\/wp\/v2\/pages\/6523\/revisions\/10964"}],"wp:attachment":[{"href":"https:\/\/pastorkalt.sk\/de\/wp-json\/wp\/v2\/media?parent=6523"}],"curies":[{"name":"wp","href":"https:\/\/api.w.org\/{rel}","templated":true}]}}